{"id":19,"date":"2012-12-28T15:47:20","date_gmt":"2012-12-28T14:47:20","guid":{"rendered":"https:\/\/ros.a-rt.ch\/?page_id=19"},"modified":"2020-09-18T21:22:26","modified_gmt":"2020-09-18T19:22:26","slug":"selbst-verstaendnis","status":"publish","type":"page","link":"https:\/\/ros.a-rt.ch\/?page_id=19","title":{"rendered":"Selbst-Verst\u00e4ndnis"},"content":{"rendered":"\n<p>Geboren 1964 im l\u00e4ndlichen Obertoggenburg, im Osten der Schweiz. <br>Aufgewachsen auf einem Bauernhof. <br>Dies pr\u00e4gte mein Leben in und mit der Natur.<\/p>\n\n\n\n\t\t<style type=\"text\/css\">\n\t\t\t#gallery-1 {\n\t\t\t\tmargin: auto;\n\t\t\t}\n\t\t\t#gallery-1 .gallery-item {\n\t\t\t\tfloat: left;\n\t\t\t\tmargin-top: 10px;\n\t\t\t\ttext-align: center;\n\t\t\t\twidth: 33%;\n\t\t\t}\n\t\t\t#gallery-1 img {\n\t\t\t\tborder: 2px solid #cfcfcf;\n\t\t\t}\n\t\t\t#gallery-1 .gallery-caption {\n\t\t\t\tmargin-left: 0;\n\t\t\t}\n\t\t\t\/* see gallery_shortcode() in wp-includes\/media.php *\/\n\t\t<\/style>\n\t\t<div id='gallery-1' class='gallery galleryid-19 gallery-columns-3 gallery-size-thumbnail'><dl class='gallery-item'>\n\t\t\t<dt class='gallery-icon landscape'>\n\t\t\t\t<a href='https:\/\/ros.a-rt.ch\/wp-content\/uploads\/2020\/08\/PICT0024-scaled.jpg'><img loading=\"lazy\" decoding=\"async\" width=\"150\" height=\"150\" src=\"https:\/\/ros.a-rt.ch\/wp-content\/uploads\/2020\/08\/PICT0024-150x150.jpg\" class=\"attachment-thumbnail size-thumbnail\" alt=\"\" srcset=\"https:\/\/ros.a-rt.ch\/wp-content\/uploads\/2020\/08\/PICT0024-150x150.jpg 150w, https:\/\/ros.a-rt.ch\/wp-content\/uploads\/2020\/08\/PICT0024-200x200.jpg 200w, https:\/\/ros.a-rt.ch\/wp-content\/uploads\/2020\/08\/PICT0024-100x100.jpg 100w, https:\/\/ros.a-rt.ch\/wp-content\/uploads\/2020\/08\/PICT0024-40x40.jpg 40w\" sizes=\"auto, (max-width: 150px) 100vw, 150px\" \/><\/a>\n\t\t\t<\/dt><\/dl><dl class='gallery-item'>\n\t\t\t<dt class='gallery-icon portrait'>\n\t\t\t\t<a href='https:\/\/ros.a-rt.ch\/wp-content\/uploads\/2020\/08\/PICT0021-scaled.jpg'><img loading=\"lazy\" decoding=\"async\" width=\"150\" height=\"150\" src=\"https:\/\/ros.a-rt.ch\/wp-content\/uploads\/2020\/08\/PICT0021-150x150.jpg\" class=\"attachment-thumbnail size-thumbnail\" alt=\"\" srcset=\"https:\/\/ros.a-rt.ch\/wp-content\/uploads\/2020\/08\/PICT0021-150x150.jpg 150w, https:\/\/ros.a-rt.ch\/wp-content\/uploads\/2020\/08\/PICT0021-200x200.jpg 200w, https:\/\/ros.a-rt.ch\/wp-content\/uploads\/2020\/08\/PICT0021-100x100.jpg 100w, https:\/\/ros.a-rt.ch\/wp-content\/uploads\/2020\/08\/PICT0021-40x40.jpg 40w\" sizes=\"auto, (max-width: 150px) 100vw, 150px\" \/><\/a>\n\t\t\t<\/dt><\/dl><dl class='gallery-item'>\n\t\t\t<dt class='gallery-icon landscape'>\n\t\t\t\t<a href='https:\/\/ros.a-rt.ch\/wp-content\/uploads\/2020\/08\/PICT0025-1-scaled.jpg'><img loading=\"lazy\" decoding=\"async\" width=\"150\" height=\"150\" src=\"https:\/\/ros.a-rt.ch\/wp-content\/uploads\/2020\/08\/PICT0025-1-150x150.jpg\" class=\"attachment-thumbnail size-thumbnail\" alt=\"\" srcset=\"https:\/\/ros.a-rt.ch\/wp-content\/uploads\/2020\/08\/PICT0025-1-150x150.jpg 150w, https:\/\/ros.a-rt.ch\/wp-content\/uploads\/2020\/08\/PICT0025-1-200x200.jpg 200w, https:\/\/ros.a-rt.ch\/wp-content\/uploads\/2020\/08\/PICT0025-1-100x100.jpg 100w, https:\/\/ros.a-rt.ch\/wp-content\/uploads\/2020\/08\/PICT0025-1-40x40.jpg 40w\" sizes=\"auto, (max-width: 150px) 100vw, 150px\" \/><\/a>\n\t\t\t<\/dt><\/dl><br style=\"clear: both\" \/>\n\t\t<\/div>\n\n\n\n<p>Wichtige Impulse geben die Themen des Lebensalltags:<\/p>\n\n\n\n<p>Die Ausbildung und Arbeit im Sozialbereich.<\/p>\n\n\n\n\t\t<style type=\"text\/css\">\n\t\t\t#gallery-2 {\n\t\t\t\tmargin: auto;\n\t\t\t}\n\t\t\t#gallery-2 .gallery-item {\n\t\t\t\tfloat: left;\n\t\t\t\tmargin-top: 10px;\n\t\t\t\ttext-align: center;\n\t\t\t\twidth: 33%;\n\t\t\t}\n\t\t\t#gallery-2 img {\n\t\t\t\tborder: 2px solid #cfcfcf;\n\t\t\t}\n\t\t\t#gallery-2 .gallery-caption {\n\t\t\t\tmargin-left: 0;\n\t\t\t}\n\t\t\t\/* see gallery_shortcode() in wp-includes\/media.php *\/\n\t\t<\/style>\n\t\t<div id='gallery-2' class='gallery galleryid-19 gallery-columns-3 gallery-size-thumbnail'><dl class='gallery-item'>\n\t\t\t<dt class='gallery-icon landscape'>\n\t\t\t\t<a href='https:\/\/ros.a-rt.ch\/wp-content\/uploads\/2013\/01\/Begegnung-I-2003.jpg'><img loading=\"lazy\" decoding=\"async\" width=\"150\" height=\"150\" src=\"https:\/\/ros.a-rt.ch\/wp-content\/uploads\/2013\/01\/Begegnung-I-2003-150x150.jpg\" class=\"attachment-thumbnail size-thumbnail\" alt=\"\" srcset=\"https:\/\/ros.a-rt.ch\/wp-content\/uploads\/2013\/01\/Begegnung-I-2003-150x150.jpg 150w, https:\/\/ros.a-rt.ch\/wp-content\/uploads\/2013\/01\/Begegnung-I-2003-300x298.jpg 300w, https:\/\/ros.a-rt.ch\/wp-content\/uploads\/2013\/01\/Begegnung-I-2003.jpg 960w\" sizes=\"auto, (max-width: 150px) 100vw, 150px\" \/><\/a>\n\t\t\t<\/dt><\/dl><dl class='gallery-item'>\n\t\t\t<dt class='gallery-icon landscape'>\n\t\t\t\t<a href='https:\/\/ros.a-rt.ch\/wp-content\/uploads\/2013\/01\/Begegnung-II-2003.jpg'><img loading=\"lazy\" decoding=\"async\" width=\"150\" height=\"150\" src=\"https:\/\/ros.a-rt.ch\/wp-content\/uploads\/2013\/01\/Begegnung-II-2003-150x150.jpg\" class=\"attachment-thumbnail size-thumbnail\" alt=\"\" srcset=\"https:\/\/ros.a-rt.ch\/wp-content\/uploads\/2013\/01\/Begegnung-II-2003-150x150.jpg 150w, https:\/\/ros.a-rt.ch\/wp-content\/uploads\/2013\/01\/Begegnung-II-2003-300x297.jpg 300w, https:\/\/ros.a-rt.ch\/wp-content\/uploads\/2013\/01\/Begegnung-II-2003.jpg 960w\" sizes=\"auto, (max-width: 150px) 100vw, 150px\" \/><\/a>\n\t\t\t<\/dt><\/dl><dl class='gallery-item'>\n\t\t\t<dt class='gallery-icon landscape'>\n\t\t\t\t<a href='https:\/\/ros.a-rt.ch\/wp-content\/uploads\/2013\/01\/Begegnung-III-2003.jpg'><img loading=\"lazy\" decoding=\"async\" width=\"150\" height=\"150\" src=\"https:\/\/ros.a-rt.ch\/wp-content\/uploads\/2013\/01\/Begegnung-III-2003-150x150.jpg\" class=\"attachment-thumbnail size-thumbnail\" alt=\"\" srcset=\"https:\/\/ros.a-rt.ch\/wp-content\/uploads\/2013\/01\/Begegnung-III-2003-150x150.jpg 150w, https:\/\/ros.a-rt.ch\/wp-content\/uploads\/2013\/01\/Begegnung-III-2003-300x298.jpg 300w, https:\/\/ros.a-rt.ch\/wp-content\/uploads\/2013\/01\/Begegnung-III-2003.jpg 960w\" sizes=\"auto, (max-width: 150px) 100vw, 150px\" \/><\/a>\n\t\t\t<\/dt><\/dl><br style=\"clear: both\" \/>\n\t\t<\/div>\n\n\n\n<p>Ein Jahresaufenthalt in Senegal\/Westafrika in der Entwicklungszusammenarbeit.<\/p>\n\n\n\n\t\t<style type=\"text\/css\">\n\t\t\t#gallery-3 {\n\t\t\t\tmargin: auto;\n\t\t\t}\n\t\t\t#gallery-3 .gallery-item {\n\t\t\t\tfloat: left;\n\t\t\t\tmargin-top: 10px;\n\t\t\t\ttext-align: center;\n\t\t\t\twidth: 33%;\n\t\t\t}\n\t\t\t#gallery-3 img {\n\t\t\t\tborder: 2px solid #cfcfcf;\n\t\t\t}\n\t\t\t#gallery-3 .gallery-caption {\n\t\t\t\tmargin-left: 0;\n\t\t\t}\n\t\t\t\/* see gallery_shortcode() in wp-includes\/media.php *\/\n\t\t<\/style>\n\t\t<div id='gallery-3' class='gallery galleryid-19 gallery-columns-3 gallery-size-thumbnail'><dl class='gallery-item'>\n\t\t\t<dt class='gallery-icon portrait'>\n\t\t\t\t<a href='https:\/\/ros.a-rt.ch\/wp-content\/uploads\/2013\/01\/Senegal-Hofleben-1999-e1597774902245.jpg'><img loading=\"lazy\" decoding=\"async\" width=\"150\" height=\"150\" src=\"https:\/\/ros.a-rt.ch\/wp-content\/uploads\/2013\/01\/Senegal-Hofleben-1999-e1597774902245-150x150.jpg\" class=\"attachment-thumbnail size-thumbnail\" alt=\"\" srcset=\"https:\/\/ros.a-rt.ch\/wp-content\/uploads\/2013\/01\/Senegal-Hofleben-1999-e1597774902245-150x150.jpg 150w, https:\/\/ros.a-rt.ch\/wp-content\/uploads\/2013\/01\/Senegal-Hofleben-1999-e1597774902245-200x200.jpg 200w, https:\/\/ros.a-rt.ch\/wp-content\/uploads\/2013\/01\/Senegal-Hofleben-1999-e1597774902245-100x100.jpg 100w, https:\/\/ros.a-rt.ch\/wp-content\/uploads\/2013\/01\/Senegal-Hofleben-1999-e1597774902245-40x40.jpg 40w\" sizes=\"auto, (max-width: 150px) 100vw, 150px\" \/><\/a>\n\t\t\t<\/dt><\/dl><dl class='gallery-item'>\n\t\t\t<dt class='gallery-icon portrait'>\n\t\t\t\t<a href='https:\/\/ros.a-rt.ch\/wp-content\/uploads\/2013\/01\/Senegal-Musik-1999.jpg'><img loading=\"lazy\" decoding=\"async\" width=\"150\" height=\"150\" src=\"https:\/\/ros.a-rt.ch\/wp-content\/uploads\/2013\/01\/Senegal-Musik-1999-150x150.jpg\" class=\"attachment-thumbnail size-thumbnail\" alt=\"\" \/><\/a>\n\t\t\t<\/dt><\/dl><dl class='gallery-item'>\n\t\t\t<dt class='gallery-icon portrait'>\n\t\t\t\t<a href='https:\/\/ros.a-rt.ch\/wp-content\/uploads\/2013\/01\/Senegal-Kalabassen-1999-e1597774924872.jpg'><img loading=\"lazy\" decoding=\"async\" width=\"150\" height=\"150\" src=\"https:\/\/ros.a-rt.ch\/wp-content\/uploads\/2013\/01\/Senegal-Kalabassen-1999-e1597774924872-150x150.jpg\" class=\"attachment-thumbnail size-thumbnail\" alt=\"\" srcset=\"https:\/\/ros.a-rt.ch\/wp-content\/uploads\/2013\/01\/Senegal-Kalabassen-1999-e1597774924872-150x150.jpg 150w, https:\/\/ros.a-rt.ch\/wp-content\/uploads\/2013\/01\/Senegal-Kalabassen-1999-e1597774924872-200x200.jpg 200w, https:\/\/ros.a-rt.ch\/wp-content\/uploads\/2013\/01\/Senegal-Kalabassen-1999-e1597774924872-100x100.jpg 100w, https:\/\/ros.a-rt.ch\/wp-content\/uploads\/2013\/01\/Senegal-Kalabassen-1999-e1597774924872-40x40.jpg 40w\" sizes=\"auto, (max-width: 150px) 100vw, 150px\" \/><\/a>\n\t\t\t<\/dt><\/dl><br style=\"clear: both\" \/>\n\t\t<\/div>\n\n\n\n<p>Ein Jahr im FFR (Farbe, Form, Raum) <br>an der Schule f\u00fcr Gestaltung St. Gallen 1997\/98 <br>f\u00f6rdert die Auseinandersetzung mit <br>der eigenen Herangehensweise und Position.<\/p>\n\n\n\n\t\t<style type=\"text\/css\">\n\t\t\t#gallery-4 {\n\t\t\t\tmargin: auto;\n\t\t\t}\n\t\t\t#gallery-4 .gallery-item {\n\t\t\t\tfloat: left;\n\t\t\t\tmargin-top: 10px;\n\t\t\t\ttext-align: center;\n\t\t\t\twidth: 33%;\n\t\t\t}\n\t\t\t#gallery-4 img {\n\t\t\t\tborder: 2px solid #cfcfcf;\n\t\t\t}\n\t\t\t#gallery-4 .gallery-caption {\n\t\t\t\tmargin-left: 0;\n\t\t\t}\n\t\t\t\/* see gallery_shortcode() in wp-includes\/media.php *\/\n\t\t<\/style>\n\t\t<div id='gallery-4' class='gallery galleryid-19 gallery-columns-3 gallery-size-thumbnail'><dl class='gallery-item'>\n\t\t\t<dt class='gallery-icon portrait'>\n\t\t\t\t<a href='https:\/\/ros.a-rt.ch\/wp-content\/uploads\/2013\/01\/WandlungI-1998-e1597775863491.jpg'><img loading=\"lazy\" decoding=\"async\" width=\"150\" height=\"150\" src=\"https:\/\/ros.a-rt.ch\/wp-content\/uploads\/2013\/01\/WandlungI-1998-e1597775863491-150x150.jpg\" class=\"attachment-thumbnail size-thumbnail\" alt=\"\" srcset=\"https:\/\/ros.a-rt.ch\/wp-content\/uploads\/2013\/01\/WandlungI-1998-e1597775863491-150x150.jpg 150w, https:\/\/ros.a-rt.ch\/wp-content\/uploads\/2013\/01\/WandlungI-1998-e1597775863491-768x775.jpg 768w, https:\/\/ros.a-rt.ch\/wp-content\/uploads\/2013\/01\/WandlungI-1998-e1597775863491-200x200.jpg 200w, https:\/\/ros.a-rt.ch\/wp-content\/uploads\/2013\/01\/WandlungI-1998-e1597775863491-100x100.jpg 100w, https:\/\/ros.a-rt.ch\/wp-content\/uploads\/2013\/01\/WandlungI-1998-e1597775863491-40x40.jpg 40w, https:\/\/ros.a-rt.ch\/wp-content\/uploads\/2013\/01\/WandlungI-1998-e1597775863491.jpg 931w\" sizes=\"auto, (max-width: 150px) 100vw, 150px\" \/><\/a>\n\t\t\t<\/dt><\/dl><dl class='gallery-item'>\n\t\t\t<dt class='gallery-icon landscape'>\n\t\t\t\t<a href='https:\/\/ros.a-rt.ch\/wp-content\/uploads\/2013\/01\/WandlungVI-1999-e1597775997352.jpg'><img loading=\"lazy\" decoding=\"async\" width=\"150\" height=\"150\" src=\"https:\/\/ros.a-rt.ch\/wp-content\/uploads\/2013\/01\/WandlungVI-1999-e1597775997352-150x150.jpg\" class=\"attachment-thumbnail size-thumbnail\" alt=\"\" srcset=\"https:\/\/ros.a-rt.ch\/wp-content\/uploads\/2013\/01\/WandlungVI-1999-e1597775997352-150x150.jpg 150w, https:\/\/ros.a-rt.ch\/wp-content\/uploads\/2013\/01\/WandlungVI-1999-e1597775997352-300x300.jpg 300w, https:\/\/ros.a-rt.ch\/wp-content\/uploads\/2013\/01\/WandlungVI-1999-e1597775997352-768x768.jpg 768w, https:\/\/ros.a-rt.ch\/wp-content\/uploads\/2013\/01\/WandlungVI-1999-e1597775997352-200x200.jpg 200w, https:\/\/ros.a-rt.ch\/wp-content\/uploads\/2013\/01\/WandlungVI-1999-e1597775997352-100x100.jpg 100w, https:\/\/ros.a-rt.ch\/wp-content\/uploads\/2013\/01\/WandlungVI-1999-e1597775997352-40x40.jpg 40w, https:\/\/ros.a-rt.ch\/wp-content\/uploads\/2013\/01\/WandlungVI-1999-e1597775997352.jpg 924w\" sizes=\"auto, (max-width: 150px) 100vw, 150px\" \/><\/a>\n\t\t\t<\/dt><\/dl><dl class='gallery-item'>\n\t\t\t<dt class='gallery-icon portrait'>\n\t\t\t\t<a href='https:\/\/ros.a-rt.ch\/wp-content\/uploads\/2013\/01\/Balance-IIb-1998-.jpg'><img loading=\"lazy\" decoding=\"async\" width=\"150\" height=\"150\" src=\"https:\/\/ros.a-rt.ch\/wp-content\/uploads\/2013\/01\/Balance-IIb-1998--150x150.jpg\" class=\"attachment-thumbnail size-thumbnail\" alt=\"\" \/><\/a>\n\t\t\t<\/dt><\/dl><br style=\"clear: both\" \/>\n\t\t<\/div>\n\n\n\n<p>Es kristallisieren sich die \u00fcbergeordneten Themen heraus, <br>die \u00fcber l\u00e4ngere Zeit besch\u00e4ftigen:<\/p>\n\n\n\n<p><strong>Die M\u00f6glichkeiten der Farbe<\/strong><\/p>\n\n\n\n<p>FARBVERL\u00c4UFE, <br>FARBR\u00c4UME, <br>FREIR\u00c4UME, <br>ENTWICKLUNGSR\u00c4UME, <br>FARBE ALS WIRKUNGSRAUM.<\/p>\n\n\n\n\t\t<style type=\"text\/css\">\n\t\t\t#gallery-5 {\n\t\t\t\tmargin: auto;\n\t\t\t}\n\t\t\t#gallery-5 .gallery-item {\n\t\t\t\tfloat: left;\n\t\t\t\tmargin-top: 10px;\n\t\t\t\ttext-align: center;\n\t\t\t\twidth: 33%;\n\t\t\t}\n\t\t\t#gallery-5 img {\n\t\t\t\tborder: 2px solid #cfcfcf;\n\t\t\t}\n\t\t\t#gallery-5 .gallery-caption {\n\t\t\t\tmargin-left: 0;\n\t\t\t}\n\t\t\t\/* see gallery_shortcode() in wp-includes\/media.php *\/\n\t\t<\/style>\n\t\t<div id='gallery-5' class='gallery galleryid-19 gallery-columns-3 gallery-size-thumbnail'><dl class='gallery-item'>\n\t\t\t<dt class='gallery-icon landscape'>\n\t\t\t\t<a href='https:\/\/ros.a-rt.ch\/wp-content\/uploads\/2013\/01\/Unterwegs-Stille-2001.jpg'><img loading=\"lazy\" decoding=\"async\" width=\"150\" height=\"150\" src=\"https:\/\/ros.a-rt.ch\/wp-content\/uploads\/2013\/01\/Unterwegs-Stille-2001-150x150.jpg\" class=\"attachment-thumbnail size-thumbnail\" alt=\"\" srcset=\"https:\/\/ros.a-rt.ch\/wp-content\/uploads\/2013\/01\/Unterwegs-Stille-2001-150x150.jpg 150w, https:\/\/ros.a-rt.ch\/wp-content\/uploads\/2013\/01\/Unterwegs-Stille-2001-300x298.jpg 300w, https:\/\/ros.a-rt.ch\/wp-content\/uploads\/2013\/01\/Unterwegs-Stille-2001.jpg 960w\" sizes=\"auto, (max-width: 150px) 100vw, 150px\" \/><\/a>\n\t\t\t<\/dt><\/dl><dl class='gallery-item'>\n\t\t\t<dt class='gallery-icon landscape'>\n\t\t\t\t<a href='https:\/\/ros.a-rt.ch\/wp-content\/uploads\/2013\/01\/Farbraum-Heublumenbad-2006-e1597772459913.jpg'><img loading=\"lazy\" decoding=\"async\" width=\"150\" height=\"150\" src=\"https:\/\/ros.a-rt.ch\/wp-content\/uploads\/2013\/01\/Farbraum-Heublumenbad-2006-e1597772459913-150x150.jpg\" class=\"attachment-thumbnail size-thumbnail\" alt=\"\" srcset=\"https:\/\/ros.a-rt.ch\/wp-content\/uploads\/2013\/01\/Farbraum-Heublumenbad-2006-e1597772459913-150x150.jpg 150w, https:\/\/ros.a-rt.ch\/wp-content\/uploads\/2013\/01\/Farbraum-Heublumenbad-2006-e1597772459913-300x300.jpg 300w, https:\/\/ros.a-rt.ch\/wp-content\/uploads\/2013\/01\/Farbraum-Heublumenbad-2006-e1597772459913-768x764.jpg 768w, https:\/\/ros.a-rt.ch\/wp-content\/uploads\/2013\/01\/Farbraum-Heublumenbad-2006-e1597772459913-200x200.jpg 200w, https:\/\/ros.a-rt.ch\/wp-content\/uploads\/2013\/01\/Farbraum-Heublumenbad-2006-e1597772459913-100x100.jpg 100w, https:\/\/ros.a-rt.ch\/wp-content\/uploads\/2013\/01\/Farbraum-Heublumenbad-2006-e1597772459913-40x40.jpg 40w, https:\/\/ros.a-rt.ch\/wp-content\/uploads\/2013\/01\/Farbraum-Heublumenbad-2006-e1597772459913.jpg 844w\" sizes=\"auto, (max-width: 150px) 100vw, 150px\" \/><\/a>\n\t\t\t<\/dt><\/dl><dl class='gallery-item'>\n\t\t\t<dt class='gallery-icon landscape'>\n\t\t\t\t<a href='https:\/\/ros.a-rt.ch\/wp-content\/uploads\/2013\/01\/Nachtdurchwirktes-XVII-2009-e1597774274785.jpg'><img loading=\"lazy\" decoding=\"async\" width=\"150\" height=\"150\" src=\"https:\/\/ros.a-rt.ch\/wp-content\/uploads\/2013\/01\/Nachtdurchwirktes-XVII-2009-e1597774274785-150x150.jpg\" class=\"attachment-thumbnail size-thumbnail\" alt=\"\" srcset=\"https:\/\/ros.a-rt.ch\/wp-content\/uploads\/2013\/01\/Nachtdurchwirktes-XVII-2009-e1597774274785-150x150.jpg 150w, https:\/\/ros.a-rt.ch\/wp-content\/uploads\/2013\/01\/Nachtdurchwirktes-XVII-2009-e1597774274785-300x298.jpg 300w, https:\/\/ros.a-rt.ch\/wp-content\/uploads\/2013\/01\/Nachtdurchwirktes-XVII-2009-e1597774274785-768x764.jpg 768w, https:\/\/ros.a-rt.ch\/wp-content\/uploads\/2013\/01\/Nachtdurchwirktes-XVII-2009-e1597774274785-200x200.jpg 200w, https:\/\/ros.a-rt.ch\/wp-content\/uploads\/2013\/01\/Nachtdurchwirktes-XVII-2009-e1597774274785-100x100.jpg 100w, https:\/\/ros.a-rt.ch\/wp-content\/uploads\/2013\/01\/Nachtdurchwirktes-XVII-2009-e1597774274785-40x40.jpg 40w, https:\/\/ros.a-rt.ch\/wp-content\/uploads\/2013\/01\/Nachtdurchwirktes-XVII-2009-e1597774274785.jpg 936w\" sizes=\"auto, (max-width: 150px) 100vw, 150px\" \/><\/a>\n\t\t\t<\/dt><\/dl><br style=\"clear: both\" \/>\n\t\t<\/div>\n\n\n\n<p><strong>Zeit an bestimmten Orten<\/strong><\/p>\n\n\n\n<p>ZEIT UND ORT, <br>AUF DIE ICH MICH EINLASSE, <br>DIE MEIN SCHAFFEN BEEINFLUSSEN MIT <br>VORHANDENEM MATERIAL, <br>MIT DER ATMOSPH\u00c4RE UND DER GESCHICHTE.<\/p>\n\n\n\n\t\t<style type=\"text\/css\">\n\t\t\t#gallery-6 {\n\t\t\t\tmargin: auto;\n\t\t\t}\n\t\t\t#gallery-6 .gallery-item {\n\t\t\t\tfloat: left;\n\t\t\t\tmargin-top: 10px;\n\t\t\t\ttext-align: center;\n\t\t\t\twidth: 33%;\n\t\t\t}\n\t\t\t#gallery-6 img {\n\t\t\t\tborder: 2px solid #cfcfcf;\n\t\t\t}\n\t\t\t#gallery-6 .gallery-caption {\n\t\t\t\tmargin-left: 0;\n\t\t\t}\n\t\t\t\/* see gallery_shortcode() in wp-includes\/media.php *\/\n\t\t<\/style>\n\t\t<div id='gallery-6' class='gallery galleryid-19 gallery-columns-3 gallery-size-thumbnail'><dl class='gallery-item'>\n\t\t\t<dt class='gallery-icon portrait'>\n\t\t\t\t<a href='https:\/\/ros.a-rt.ch\/wp-content\/uploads\/2015\/10\/DSCN5968.jpg'><img loading=\"lazy\" decoding=\"async\" width=\"150\" height=\"150\" src=\"https:\/\/ros.a-rt.ch\/wp-content\/uploads\/2015\/10\/DSCN5968-150x150.jpg\" class=\"attachment-thumbnail size-thumbnail\" alt=\"\" \/><\/a>\n\t\t\t<\/dt><\/dl><dl class='gallery-item'>\n\t\t\t<dt class='gallery-icon portrait'>\n\t\t\t\t<a href='https:\/\/ros.a-rt.ch\/wp-content\/uploads\/2016\/06\/PICT0002-1-1.jpg'><img loading=\"lazy\" decoding=\"async\" width=\"150\" height=\"150\" src=\"https:\/\/ros.a-rt.ch\/wp-content\/uploads\/2016\/06\/PICT0002-1-1-150x150.jpg\" class=\"attachment-thumbnail size-thumbnail\" alt=\"\" \/><\/a>\n\t\t\t<\/dt><\/dl><dl class='gallery-item'>\n\t\t\t<dt class='gallery-icon landscape'>\n\t\t\t\t<a href='https:\/\/ros.a-rt.ch\/wp-content\/uploads\/2015\/05\/PICT0020-2.jpg'><img loading=\"lazy\" decoding=\"async\" width=\"150\" height=\"150\" src=\"https:\/\/ros.a-rt.ch\/wp-content\/uploads\/2015\/05\/PICT0020-2-150x150.jpg\" class=\"attachment-thumbnail size-thumbnail\" alt=\"\" \/><\/a>\n\t\t\t<\/dt><\/dl><br style=\"clear: both\" \/>\n\t\t<\/div>\n\n\n\n<p><strong>Die Besch\u00e4ftigung mit Dreidimensionalit\u00e4t<\/strong><\/p>\n\n\n\n<p>FIGUREN AUS <br>HANDGESCH\u00d6PFTEN PFLANZENPAPIEREN <br>ZART, STABIL. <br>DIE GRENZEN DES MATERIALS AUSLOTEN.<\/p>\n\n\n\n<p>OBJEKTE MIT ALLTAGSMATERIALIEN, <br>MIT ABFALL UND ERINNERUNGSST\u00dcCKEN <br>WERDEN ZUM MEDIUM <br>IN DER AUSEINANDERSETZUNG MIT <br>GESELLSCHAFTLICHEN, \u00d6KOLOGISCHEN <br>UND WIRTSCHAFTLICHEN ZUSAMMENH\u00c4NGEN.<\/p>\n\n\n\n<p>EIN PROZESS <br>AUCH DES SICHTENS UND GEWICHTENS <br>VON DINGEN. <br>WERT ODER UNWERT IST DURCH <br>DAS (ER-)SCHAFFEN NEU DEFINIERT.<\/p>\n\n\n\n\t\t<style type=\"text\/css\">\n\t\t\t#gallery-7 {\n\t\t\t\tmargin: auto;\n\t\t\t}\n\t\t\t#gallery-7 .gallery-item {\n\t\t\t\tfloat: left;\n\t\t\t\tmargin-top: 10px;\n\t\t\t\ttext-align: center;\n\t\t\t\twidth: 33%;\n\t\t\t}\n\t\t\t#gallery-7 img {\n\t\t\t\tborder: 2px solid #cfcfcf;\n\t\t\t}\n\t\t\t#gallery-7 .gallery-caption {\n\t\t\t\tmargin-left: 0;\n\t\t\t}\n\t\t\t\/* see gallery_shortcode() in wp-includes\/media.php *\/\n\t\t<\/style>\n\t\t<div id='gallery-7' class='gallery galleryid-19 gallery-columns-3 gallery-size-thumbnail'><dl class='gallery-item'>\n\t\t\t<dt class='gallery-icon landscape'>\n\t\t\t\t<a href='https:\/\/ros.a-rt.ch\/wp-content\/uploads\/2013\/01\/Randsteinig-I-2002.jpg'><img loading=\"lazy\" decoding=\"async\" width=\"150\" height=\"150\" src=\"https:\/\/ros.a-rt.ch\/wp-content\/uploads\/2013\/01\/Randsteinig-I-2002-150x150.jpg\" class=\"attachment-thumbnail size-thumbnail\" alt=\"\" \/><\/a>\n\t\t\t<\/dt><\/dl><dl class='gallery-item'>\n\t\t\t<dt class='gallery-icon portrait'>\n\t\t\t\t<a href='https:\/\/ros.a-rt.ch\/wp-content\/uploads\/2014\/08\/PICT0004-2.jpg'><img loading=\"lazy\" decoding=\"async\" width=\"150\" height=\"150\" src=\"https:\/\/ros.a-rt.ch\/wp-content\/uploads\/2014\/08\/PICT0004-2-150x150.jpg\" class=\"attachment-thumbnail size-thumbnail\" alt=\"\" \/><\/a>\n\t\t\t<\/dt><\/dl><dl class='gallery-item'>\n\t\t\t<dt class='gallery-icon landscape'>\n\t\t\t\t<a href='https:\/\/ros.a-rt.ch\/wp-content\/uploads\/2020\/06\/PICT0011-scaled.jpg'><img loading=\"lazy\" decoding=\"async\" width=\"150\" height=\"150\" src=\"https:\/\/ros.a-rt.ch\/wp-content\/uploads\/2020\/06\/PICT0011-150x150.jpg\" class=\"attachment-thumbnail size-thumbnail\" alt=\"\" \/><\/a>\n\t\t\t<\/dt><\/dl><br style=\"clear: both\" \/>\n\t\t<\/div>\n\n\n\n<p><strong>Geschichte und Geschichten interessieren,<\/strong> <br>geben sie doch Verst\u00e4ndnis <br>f\u00fcr Gegebenheiten und Prozesse der Gegenwart<\/p>\n\n\n\n<p>SPRACHE ALS \u00dcBERMITTLERIN <br>VON GESCHICHTE(N), VON WERTEN. <br>ZEICHEN, W\u00d6RTER, AUSDR\u00dcCKE UNTERSUCHEN. <br>SIE SPIELERISCH UMDEUTEN. <br>ZUKUNFTSVISIONEN ENTWICKELN.<\/p>\n\n\n\n\t\t<style type=\"text\/css\">\n\t\t\t#gallery-8 {\n\t\t\t\tmargin: auto;\n\t\t\t}\n\t\t\t#gallery-8 .gallery-item {\n\t\t\t\tfloat: left;\n\t\t\t\tmargin-top: 10px;\n\t\t\t\ttext-align: center;\n\t\t\t\twidth: 33%;\n\t\t\t}\n\t\t\t#gallery-8 img {\n\t\t\t\tborder: 2px solid #cfcfcf;\n\t\t\t}\n\t\t\t#gallery-8 .gallery-caption {\n\t\t\t\tmargin-left: 0;\n\t\t\t}\n\t\t\t\/* see gallery_shortcode() in wp-includes\/media.php *\/\n\t\t<\/style>\n\t\t<div id='gallery-8' class='gallery galleryid-19 gallery-columns-3 gallery-size-thumbnail'><dl class='gallery-item'>\n\t\t\t<dt class='gallery-icon landscape'>\n\t\t\t\t<a href='https:\/\/ros.a-rt.ch\/wp-content\/uploads\/2016\/08\/DSCN6876.jpg'><img loading=\"lazy\" decoding=\"async\" width=\"150\" height=\"150\" src=\"https:\/\/ros.a-rt.ch\/wp-content\/uploads\/2016\/08\/DSCN6876-150x150.jpg\" class=\"attachment-thumbnail size-thumbnail\" alt=\"\" \/><\/a>\n\t\t\t<\/dt><\/dl><dl class='gallery-item'>\n\t\t\t<dt class='gallery-icon portrait'>\n\t\t\t\t<a href='https:\/\/ros.a-rt.ch\/wp-content\/uploads\/2016\/08\/PICT0032.jpg'><img loading=\"lazy\" decoding=\"async\" width=\"150\" height=\"150\" src=\"https:\/\/ros.a-rt.ch\/wp-content\/uploads\/2016\/08\/PICT0032-150x150.jpg\" class=\"attachment-thumbnail size-thumbnail\" alt=\"\" \/><\/a>\n\t\t\t<\/dt><\/dl><dl class='gallery-item'>\n\t\t\t<dt class='gallery-icon portrait'>\n\t\t\t\t<a href='https:\/\/ros.a-rt.ch\/wp-content\/uploads\/2018\/01\/PICT0007.jpg'><img loading=\"lazy\" decoding=\"async\" width=\"150\" height=\"150\" src=\"https:\/\/ros.a-rt.ch\/wp-content\/uploads\/2018\/01\/PICT0007-150x150.jpg\" class=\"attachment-thumbnail size-thumbnail\" alt=\"\" \/><\/a>\n\t\t\t<\/dt><\/dl><br style=\"clear: both\" \/>\n\t\t<\/div>\n\n\n\n<p><strong>Die Suche nach der Balance <\/strong><br>zu den atemberaubenden Entwicklungen weltweit und <br>der Nachrichtenflut \u00fcber Schwieriges.<\/p>\n\n\n\n<p>LANGSAMES ARBEITEN, <br>REPETITIVES TUN. <br>IM ENTSTEHEN-LASSEN <br>ER\u00d6FFNEN SICH <br>STILLE UND SCH\u00d6NHEIT. <br>ATEMRAUM.<\/p>\n\n\n\n\t\t<style type=\"text\/css\">\n\t\t\t#gallery-9 {\n\t\t\t\tmargin: auto;\n\t\t\t}\n\t\t\t#gallery-9 .gallery-item {\n\t\t\t\tfloat: left;\n\t\t\t\tmargin-top: 10px;\n\t\t\t\ttext-align: center;\n\t\t\t\twidth: 33%;\n\t\t\t}\n\t\t\t#gallery-9 img {\n\t\t\t\tborder: 2px solid #cfcfcf;\n\t\t\t}\n\t\t\t#gallery-9 .gallery-caption {\n\t\t\t\tmargin-left: 0;\n\t\t\t}\n\t\t\t\/* see gallery_shortcode() in wp-includes\/media.php *\/\n\t\t<\/style>\n\t\t<div id='gallery-9' class='gallery galleryid-19 gallery-columns-3 gallery-size-thumbnail'><dl class='gallery-item'>\n\t\t\t<dt class='gallery-icon landscape'>\n\t\t\t\t<a href='https:\/\/ros.a-rt.ch\/wp-content\/uploads\/2013\/10\/PICT0026-e1597776276693.jpg'><img loading=\"lazy\" decoding=\"async\" width=\"150\" height=\"150\" src=\"https:\/\/ros.a-rt.ch\/wp-content\/uploads\/2013\/10\/PICT0026-e1597776276693-150x150.jpg\" class=\"attachment-thumbnail size-thumbnail\" alt=\"\" srcset=\"https:\/\/ros.a-rt.ch\/wp-content\/uploads\/2013\/10\/PICT0026-e1597776276693-150x150.jpg 150w, https:\/\/ros.a-rt.ch\/wp-content\/uploads\/2013\/10\/PICT0026-e1597776276693-200x200.jpg 200w, https:\/\/ros.a-rt.ch\/wp-content\/uploads\/2013\/10\/PICT0026-e1597776276693-100x100.jpg 100w, https:\/\/ros.a-rt.ch\/wp-content\/uploads\/2013\/10\/PICT0026-e1597776276693-40x40.jpg 40w\" sizes=\"auto, (max-width: 150px) 100vw, 150px\" \/><\/a>\n\t\t\t<\/dt><\/dl><dl class='gallery-item'>\n\t\t\t<dt class='gallery-icon landscape'>\n\t\t\t\t<a href='https:\/\/ros.a-rt.ch\/wp-content\/uploads\/2014\/04\/PICT0001.jpg'><img loading=\"lazy\" decoding=\"async\" width=\"150\" height=\"150\" src=\"https:\/\/ros.a-rt.ch\/wp-content\/uploads\/2014\/04\/PICT0001-150x150.jpg\" class=\"attachment-thumbnail size-thumbnail\" alt=\"\" \/><\/a>\n\t\t\t<\/dt><\/dl><dl class='gallery-item'>\n\t\t\t<dt class='gallery-icon portrait'>\n\t\t\t\t<a href='https:\/\/ros.a-rt.ch\/wp-content\/uploads\/2020\/08\/PICT0013-1-scaled.jpg'><img loading=\"lazy\" decoding=\"async\" width=\"150\" height=\"150\" src=\"https:\/\/ros.a-rt.ch\/wp-content\/uploads\/2020\/08\/PICT0013-1-150x150.jpg\" class=\"attachment-thumbnail size-thumbnail\" alt=\"\" srcset=\"https:\/\/ros.a-rt.ch\/wp-content\/uploads\/2020\/08\/PICT0013-1-150x150.jpg 150w, https:\/\/ros.a-rt.ch\/wp-content\/uploads\/2020\/08\/PICT0013-1-200x200.jpg 200w, https:\/\/ros.a-rt.ch\/wp-content\/uploads\/2020\/08\/PICT0013-1-100x100.jpg 100w, https:\/\/ros.a-rt.ch\/wp-content\/uploads\/2020\/08\/PICT0013-1-40x40.jpg 40w\" sizes=\"auto, (max-width: 150px) 100vw, 150px\" \/><\/a>\n\t\t\t<\/dt><\/dl><br style=\"clear: both\" \/>\n\t\t<\/div>\n\n\n\n<p><strong>Der<\/strong> <strong>k\u00fcnstlerische Prozess:<\/strong> <br>K\u00fcnstlerisches Schaffen heisst f\u00fcr mich forschen <br>und dabei vorl\u00e4ufige Positionen zu finden. <br>auf Fragen gibt es keine fertigen Antworten, <br>aber vielleicht weitere Fragen, <br>die in eine bestimmte Richtung weisen. <br>Scheinbare Klarheit ist nicht eindeutig. <br>Technik, Material, die Form- und Farbensprache <br>ver\u00e4ndern sich mit dem gesuchten Ausdruck. <br>Sie ordnen sich dem Thema unter.<\/p>\n\n\n\n<p>DER K\u00dcNSTLERISCHE PROZESS <br>IMMER NEU <br>DIE FRAGE NACH DEM WESENTLICHEN.<\/p>\n\n\n\n<p>KUNSTSCHAFFEN HEISST, <br>ICH KANN MICH JEDEN TAG <br>NEU ERFINDEN.<\/p>\n\n\n\n\t\t<style type=\"text\/css\">\n\t\t\t#gallery-10 {\n\t\t\t\tmargin: auto;\n\t\t\t}\n\t\t\t#gallery-10 .gallery-item {\n\t\t\t\tfloat: left;\n\t\t\t\tmargin-top: 10px;\n\t\t\t\ttext-align: center;\n\t\t\t\twidth: 33%;\n\t\t\t}\n\t\t\t#gallery-10 img {\n\t\t\t\tborder: 2px solid #cfcfcf;\n\t\t\t}\n\t\t\t#gallery-10 .gallery-caption {\n\t\t\t\tmargin-left: 0;\n\t\t\t}\n\t\t\t\/* see gallery_shortcode() in wp-includes\/media.php *\/\n\t\t<\/style>\n\t\t<div id='gallery-10' class='gallery galleryid-19 gallery-columns-3 gallery-size-thumbnail'><dl class='gallery-item'>\n\t\t\t<dt class='gallery-icon landscape'>\n\t\t\t\t<a href='https:\/\/ros.a-rt.ch\/wp-content\/uploads\/2016\/03\/DSCN6614.jpg'><img loading=\"lazy\" decoding=\"async\" width=\"150\" height=\"150\" src=\"https:\/\/ros.a-rt.ch\/wp-content\/uploads\/2016\/03\/DSCN6614-150x150.jpg\" class=\"attachment-thumbnail size-thumbnail\" alt=\"\" \/><\/a>\n\t\t\t<\/dt><\/dl><dl class='gallery-item'>\n\t\t\t<dt class='gallery-icon landscape'>\n\t\t\t\t<a href='https:\/\/ros.a-rt.ch\/wp-content\/uploads\/2016\/03\/DSCN6635.jpg'><img loading=\"lazy\" decoding=\"async\" width=\"150\" height=\"150\" src=\"https:\/\/ros.a-rt.ch\/wp-content\/uploads\/2016\/03\/DSCN6635-150x150.jpg\" class=\"attachment-thumbnail size-thumbnail\" alt=\"\" \/><\/a>\n\t\t\t<\/dt><\/dl><dl class='gallery-item'>\n\t\t\t<dt class='gallery-icon portrait'>\n\t\t\t\t<a href='https:\/\/ros.a-rt.ch\/wp-content\/uploads\/2017\/09\/PICT0052.jpg'><img loading=\"lazy\" decoding=\"async\" width=\"150\" height=\"150\" src=\"https:\/\/ros.a-rt.ch\/wp-content\/uploads\/2017\/09\/PICT0052-150x150.jpg\" class=\"attachment-thumbnail size-thumbnail\" alt=\"\" \/><\/a>\n\t\t\t<\/dt><\/dl><br style=\"clear: both\" \/>\n\t\t<\/div>\n","protected":false},"excerpt":{"rendered":"<p>Geboren 1964 im l\u00e4ndlichen Obertoggenburg, im Osten der Schweiz. Aufgewachsen auf einem Bauernhof. Dies pr\u00e4gte mein Leben in und mit der Natur. Wichtige Impulse geben die Themen des Lebensalltags: Die Ausbildung und Arbeit im Sozialbereich. Ein Jahresaufenthalt in Senegal\/Westafrika in der Entwicklungszusammenarbeit. Ein Jahr im FFR (Farbe, Form, Raum) an der Schule f\u00fcr Gestaltung St. <a class=\"more-link\" href=\"https:\/\/ros.a-rt.ch\/?page_id=19\">Weiterlesen&#8230;<\/a><\/p>\n","protected":false},"author":1,"featured_media":2742,"parent":0,"menu_order":3,"comment_status":"closed","ping_status":"closed","template":"","meta":{"footnotes":""},"class_list":["post-19","page","type-page","status-publish","has-post-thumbnail","hentry"],"_links":{"self":[{"href":"https:\/\/ros.a-rt.ch\/index.php?rest_route=\/wp\/v2\/pages\/19","targetHints":{"allow":["GET"]}}],"collection":[{"href":"https:\/\/ros.a-rt.ch\/index.php?rest_route=\/wp\/v2\/pages"}],"about":[{"href":"https:\/\/ros.a-rt.ch\/index.php?rest_route=\/wp\/v2\/types\/page"}],"author":[{"embeddable":true,"href":"https:\/\/ros.a-rt.ch\/index.php?rest_route=\/wp\/v2\/users\/1"}],"replies":[{"embeddable":true,"href":"https:\/\/ros.a-rt.ch\/index.php?rest_route=%2Fwp%2Fv2%2Fcomments&post=19"}],"version-history":[{"count":95,"href":"https:\/\/ros.a-rt.ch\/index.php?rest_route=\/wp\/v2\/pages\/19\/revisions"}],"predecessor-version":[{"id":5886,"href":"https:\/\/ros.a-rt.ch\/index.php?rest_route=\/wp\/v2\/pages\/19\/revisions\/5886"}],"wp:featuredmedia":[{"embeddable":true,"href":"https:\/\/ros.a-rt.ch\/index.php?rest_route=\/wp\/v2\/media\/2742"}],"wp:attachment":[{"href":"https:\/\/ros.a-rt.ch\/index.php?rest_route=%2Fwp%2Fv2%2Fmedia&parent=19"}],"curies":[{"name":"wp","href":"https:\/\/api.w.org\/{rel}","templated":true}]}}